{"id":2683,"date":"2019-09-17T16:42:08","date_gmt":"2019-09-17T13:42:08","guid":{"rendered":"https:\/\/tesam.org.tr\/?page_id=2683"},"modified":"2019-09-24T16:25:00","modified_gmt":"2019-09-24T13:25:00","slug":"bildiri-cagri-metni","status":"publish","type":"page","link":"https:\/\/tesam.org.tr\/en\/bildiri-cagri-metni\/","title":{"rendered":"Bildiri \u00c7a\u011fr\u0131 Metni"},"content":{"rendered":"<style type='text\/css'>\n            #gallery-1 {\n                margin: auto;\n            }\n            #gallery-1 .gallery-item {\n                float: left;\n                margin-top: 10px;\n                text-align: center;\n                width: 33%;           }\n            #gallery-1 img {\n                border: 2px solid #cfcfcf;\n            }\n            #gallery-1 .gallery-caption {\n                margin-left: 0;\n            }\n        <\/style>\n        <!-- see gallery_shortcode() in wp-includes\/media.php -->\n        <div id='gallery-1' class='gallery galleryid-2683'><dl class='gallery-item'>\n            <dt class='gallery-icon'>\n                <a href='https:\/\/tesam.org.tr\/en\/bildiri-cagri-metni\/tesam-logo\/'><img width=\"150\" height=\"150\" src=\"https:\/\/tesam.org.tr\/wp-content\/uploads\/2019\/09\/TESAM-LOGO-150x150.png\" class=\"attachment-thumbnail size-thumbnail\" alt=\"\" decoding=\"async\" loading=\"lazy\" srcset=\"https:\/\/tesam.org.tr\/wp-content\/uploads\/2019\/09\/TESAM-LOGO-150x150.png 150w, https:\/\/tesam.org.tr\/wp-content\/uploads\/2019\/09\/TESAM-LOGO-300x300.png 300w, https:\/\/tesam.org.tr\/wp-content\/uploads\/2019\/09\/TESAM-LOGO-768x768.png 768w, https:\/\/tesam.org.tr\/wp-content\/uploads\/2019\/09\/TESAM-LOGO-55x55.png 55w, https:\/\/tesam.org.tr\/wp-content\/uploads\/2019\/09\/TESAM-LOGO.png 960w\" sizes=\"(max-width: 150px) 100vw, 150px\" \/><\/a>\n            <\/dt><\/dl><dl class='gallery-item'>\n            <dt class='gallery-icon'>\n                <a href='https:\/\/tesam.org.tr\/en\/bildiri-cagri-metni\/uu-logo\/'><img width=\"150\" height=\"150\" src=\"https:\/\/tesam.org.tr\/wp-content\/uploads\/2019\/09\/U\u00dc-logo-150x150.png\" class=\"attachment-thumbnail size-thumbnail\" alt=\"\" decoding=\"async\" loading=\"lazy\" srcset=\"https:\/\/tesam.org.tr\/wp-content\/uploads\/2019\/09\/U\u00dc-logo-150x150.png 150w, https:\/\/tesam.org.tr\/wp-content\/uploads\/2019\/09\/U\u00dc-logo-300x300.png 300w, https:\/\/tesam.org.tr\/wp-content\/uploads\/2019\/09\/U\u00dc-logo-55x55.png 55w, https:\/\/tesam.org.tr\/wp-content\/uploads\/2019\/09\/U\u00dc-logo.png 550w\" sizes=\"(max-width: 150px) 100vw, 150px\" \/><\/a>\n            <\/dt><\/dl><dl class='gallery-item'>\n            <dt class='gallery-icon'>\n                <a href='https:\/\/tesam.org.tr\/en\/bildiri-cagri-metni\/btu-logo\/'><img width=\"150\" height=\"150\" src=\"https:\/\/tesam.org.tr\/wp-content\/uploads\/2019\/09\/BT\u00dc-Logo-150x150.png\" class=\"attachment-thumbnail size-thumbnail\" alt=\"\" decoding=\"async\" loading=\"lazy\" srcset=\"https:\/\/tesam.org.tr\/wp-content\/uploads\/2019\/09\/BT\u00dc-Logo-150x150.png 150w, https:\/\/tesam.org.tr\/wp-content\/uploads\/2019\/09\/BT\u00dc-Logo-300x300.png 300w, https:\/\/tesam.org.tr\/wp-content\/uploads\/2019\/09\/BT\u00dc-Logo-768x768.png 768w, https:\/\/tesam.org.tr\/wp-content\/uploads\/2019\/09\/BT\u00dc-Logo-55x55.png 55w, https:\/\/tesam.org.tr\/wp-content\/uploads\/2019\/09\/BT\u00dc-Logo.png 1766w\" sizes=\"(max-width: 150px) 100vw, 150px\" \/><\/a>\n            <\/dt><\/dl><br style=\"clear: both\" \/>\n            <br style='clear: both;' \/>\n        <\/div>\n\n<h3 style=\"text-align: center;\"><strong>GEN\u00c7 TESAM<\/strong><\/h3>\n<h3 style=\"text-align: center;\"><strong>&nbsp;SOSYAL B\u0130L\u0130MLER <\/strong><\/h3>\n<h3 style=\"text-align: center;\"><strong>ULUSLARARASI \u00d6\u011eRENC\u0130 KONGRES\u0130<\/strong><\/h3>\n<h3 style=\"text-align: center;\"><strong>6 \u2013 7 Kas\u0131m 2019<\/strong><\/h3>\n<h3><strong>Kongre \u00c7a\u011fr\u0131s\u0131<\/strong><\/h3>\n<p>\u201cGEN\u00c7 TESAM SOSYAL B\u0130L\u0130MLER ULUSLARARASI \u00d6\u011eRENC\u0130 KONGRES\u0130\u201d 6-7 Kas\u0131m 2019 tarihlerinde TESAM, Bursa Uluda\u011f \u00dcniversitesi ve Bursa Teknik \u00dcniversitesi ortakl\u0131\u011f\u0131yla Uluda\u011f \u00dcniversitesi Mete Cengiz Kongre Merkezi\u2019nde ger\u00e7ekle\u015ftirilecektir.<\/p>\n<p>Sosyal Bilimler alan\u0131nda \u00e7al\u0131\u015fan ara\u015ft\u0131rma g\u00f6revlileri, doktora \u00f6\u011frencileri, y\u00fcksek lisans \u00f6\u011frencileri, lisans \u00f6\u011frencileri ve di\u011fer uzmanlar\u0131n bir araya geldi\u011fi kongrenin temel amac\u0131, gen\u00e7lerin ilgili alanlardaki \u00e7al\u0131\u015fmalar\u0131n\u0131 sunabilecekleri bir platform olu\u015fturmakt\u0131r.<\/p>\n<p>Kongremize \u00e7ok y\u00f6nl\u00fc bir kat\u0131l\u0131m prensibi ile sosyal bilimler alan\u0131nda haz\u0131rlanan ulusal ve uluslararas\u0131 \u00e7al\u0131\u015fmalar\u0131n bilimsel olarak sunulmas\u0131 \u015feklinde olacakt\u0131r. Kongremize g\u00f6nderilen her bildiri alan\u0131nda uzman bilim insanlar\u0131 taraf\u0131ndan de\u011ferlendirilip bu de\u011ferlendirilme sonras\u0131nda sunulmas\u0131 uygun olan s\u00f6zel ve poster bildiriler kongremizde sunulacakt\u0131r. Kongremiz akademik ve akademik olmayan bilimsel anlamda haz\u0131rlanm\u0131\u015f her t\u00fcrl\u00fc \u00e7al\u0131\u015fman\u0131n sunulmas\u0131na imk\u00e2n sa\u011flamaktad\u0131r.<\/p>\n<p>Kongremiz ulusal ve uluslararas\u0131 \u00e7ok say\u0131da \u00f6\u011frenci kul\u00fcb\u00fcn\u00fcn i\u015ftiraki ve deste\u011fi ile ger\u00e7ekle\u015ftirilmektedir. Ayr\u0131ca \u00e7ok say\u0131da kamu ve \u00f6zel \u00fcniversite taraf\u0131ndan da desteklenmektedir.<\/p>\n<p>Kongremiz iki g\u00fcn olarak planlanm\u0131\u015f olup sosyal etkinliklerle renklendirilecektir.<\/p>\n<p>Ayr\u0131ca kongremizde bilimsel kurul taraf\u0131ndan yap\u0131lacak olan de\u011ferlendirme sonras\u0131nda tam metin olarak sunulan bildirilerden birinci, ikinci ve \u00fc\u00e7\u00fcnc\u00fc olarak se\u00e7ilen eserler \u00f6d\u00fcllendirilecektir.<\/p>\n<h3><strong>Kongre Kurulu<\/strong><\/h3>\n<a href=\"https:\/\/tesam.org.tr\/en\/kurullar\/\" class=\"shortc-button medium black\">Kongre Kurulu i\u00e7in T\u0131klay\u0131n\u0131z<\/a>\n<h3><strong>Konu Ba\u015fl\u0131klar\u0131<\/strong><\/h3>\n<table width=\"178\">\n<tbody>\n<tr>\n<td width=\"178\">Siyaset Bilimi ve Kamu Y\u00f6netimi<\/td>\n<\/tr>\n<tr>\n<td>Uluslararas\u0131 \u0130li\u015fkiler<\/td>\n<\/tr>\n<tr>\n<td>Ekonomi<\/td>\n<\/tr>\n<tr>\n<td>\u0130\u015fletme<\/td>\n<\/tr>\n<tr>\n<td>Hukuk<\/td>\n<\/tr>\n<tr>\n<td>Tarih<\/td>\n<\/tr>\n<tr>\n<td>Sosyoloji<\/td>\n<\/tr>\n<tr>\n<td>Psikoloji<\/td>\n<\/tr>\n<tr>\n<td>E\u011fitim<\/td>\n<\/tr>\n<\/tbody>\n<\/table>\n<h3><strong>\u00d6zet Bildirilerin G\u00f6nderilmesi<\/strong><\/h3>\n<p>Her kat\u0131l\u0131m ba\u015fvurusunda \u201cTESAM Bildiri G\u00f6nderim \u015eartlar\u0131\u201d \u00e7er\u00e7evesinde T\u00fcrk\u00e7e ve \u0130ngilizce bir bildiri \u00f6zeti (en fazla 300 kelime) ve akademik pozisyonu ile ilgi alanlar\u0131n\u0131 i\u00e7eren bir k\u0131sa \u00f6zge\u00e7mi\u015fin (en fazla 100 kelime)&nbsp;yer ald\u0131\u011f\u0131 \u201c\u00d6zet G\u00f6nderme Formu\u201d g\u00f6nderilmelidir.<\/p>\n<p>Kat\u0131l\u0131mc\u0131lar Kongre&#8217;ye T\u00fcrk\u00e7e veya \u0130ngilizce sunumlar\u0131 ile kat\u0131labilirler. Kongre\u2019ye g\u00f6nderilen bildiri \u00f6zetleri, \u00f6zet bildiri kitap\u00e7\u0131\u011f\u0131nda bas\u0131lacakt\u0131r. G\u00f6nderilen tam metinler, ISBN\u2019li bir e-kitap format\u0131nda yay\u0131nlanacakt\u0131r.<\/p>\n<p>Bildiri \u00d6zetleri ve tam metinleri&nbsp;<u>tesamcongress@gmail.com<\/u>&nbsp;e-posta adresine g\u00f6nderilmelidir.<\/p>\n<a href=\" https:\/\/tesam.org.tr\/wp-content\/uploads\/2019\/09\/2019-Gen\u00e7-Tesam-Kongresi-Ba\u015fvuru-Belgesi.docx\" target=\"_blank\" class=\"shortc-button medium black\">Bildiri G\u00f6ndermek i\u00e7in T\u0131klay\u0131n\u0131z<\/a>\n<h3><strong>Tam Metin Bildiri G\u00f6nderimi<\/strong><\/h3>\n<ol>\n<li>Bildiriler \u0130ngilizce ve T\u00fcrk\u00e7e olarak sunulabilir.<\/li>\n<li>Bildiriler A4 (210&#215;297 mm) ka\u011f\u0131d\u0131 \u00f6l\u00e7\u00fcs\u00fcnde, 1.5 aral\u0131k, iki yana yaslanm\u0131\u015f, 12 punto Times New Roman olarak yaz\u0131lmal\u0131d\u0131r.<\/li>\n<li>Kenar \u00f6l\u00e7\u00fcleri soldan 4 cm, sa\u011fdan 2 cm ve de yukar\u0131dan ve a\u015fa\u011f\u0131dan 3 cm olarak ayarlanmal\u0131d\u0131r.<\/li>\n<li>Bildiri ba\u015fl\u0131\u011f\u0131 tek aral\u0131k, ortalanm\u0131\u015f, 14 punto kal\u0131n, t\u00fcm\u00fc b\u00fcy\u00fck harf ve Times New Roman olarak yaz\u0131lmal\u0131d\u0131r.<\/li>\n<li>Bildiri tek aral\u0131k, iki yana yaslanm\u0131\u015f, 12 punto ve Times New Roman olarak haz\u0131rlanm\u0131\u015f 150 kelimeyi ge\u00e7meyen bir \u00f6zet i\u00e7ermelidir.<\/li>\n<li>Bildirinin en ba\u015f\u0131nda yazar(lar)\u0131n ad\u0131 ve soyad\u0131 ile ileti\u015fim bilgilerini i\u00e7eren bir kapak sayfas\u0131 olmal\u0131d\u0131r.<\/li>\n<li>T\u00fcrk\u00e7e sunulan bildirilerde, bildirinin en sonunda en az 750 kelime olacak \u015fekilde bir \u0130ngilizce \u00f6zet verilmelidir.<\/li>\n<li>Tam metin bildiriler; tablolar, \u015fekiller, \u00f6zet ve kaynak\u00e7a dahil 20 sayfay\u0131 ge\u00e7memelidir.<\/li>\n<li>Kaynak g\u00f6sterimi i\u00e7in dipnot kaynak\u00e7a sistemi olan \u201cChicago Manual of Style 16th Edition\u201d (Chicago Stil El Kitab\u0131 16. Bask\u0131) kullan\u0131lmal\u0131d\u0131r. (Bkz. https:\/\/owl.english.purdue.edu\/owl\/resource\/717\/01\/ ), (Bkz. https:\/\/www.youtube.com\/watch?v=w_MURP3_MrU)<\/li>\n<\/ol>\n<h3><strong>\u00d6nemli Tarihler<\/strong><\/h3>\n<table width=\"1006\">\n<tbody>\n<tr>\n<td width=\"486\"><strong><em>\u00d6zet G\u00f6nderim Son Tarihi<\/em><\/strong><\/td>\n<td width=\"64\"><strong><em>&nbsp;<\/em><\/strong><\/td>\n<td width=\"456\">27 Ekim 2019<\/td>\n<\/tr>\n<tr>\n<td width=\"486\"><strong><em>Kabul edilen bildirilerin ilan\u0131<\/em><\/strong><\/td>\n<td width=\"64\"><strong><em>&nbsp;<\/em><\/strong><\/td>\n<td width=\"456\">30 Ekim 2019<\/td>\n<\/tr>\n<tr>\n<td width=\"486\"><strong><em>\u00d6zetler Kitab\u0131n\u0131n ve Program\u0131n\u0131n Yay\u0131mlanmas\u0131<\/em><\/strong><\/td>\n<td width=\"64\"><strong><em>&nbsp;<\/em><\/strong><\/td>\n<td width=\"456\">31 Ekim 2019<\/td>\n<\/tr>\n<tr>\n<td width=\"486\"><strong><em>Tam Metinlerin G\u00f6nderilmesi<\/em><\/strong><\/td>\n<td width=\"64\">&nbsp;<\/td>\n<td width=\"456\">27 Ekim 2019<\/td>\n<\/tr>\n<tr>\n<td width=\"486\"><strong><em>Kongre Tarihi<\/em><\/strong><\/td>\n<td width=\"64\"><strong><em>&nbsp;<\/em><\/strong><\/td>\n<td width=\"456\">6-7 Kas\u0131m 2019<\/td>\n<\/tr>\n<\/tbody>\n<\/table>\n<h3><strong>Kongre Yeri<\/strong><\/h3>\n<p>Bursa Uluda\u011f \u00dcniversitesi Mete Cengiz Kongre Merkezi<\/p>\n<h3><strong>Kongre Kat\u0131l\u0131m Bedeli<\/strong><\/h3>\n<p>Kongrede kat\u0131l\u0131mc\u0131lar\u0131n bir bildiri sunma haklar\u0131 vard\u0131r.<\/p>\n<p>Lisans \u00d6\u011frencisi: 50 TL<\/p>\n<p>Y\u00fcksek Lisans ve Doktora \u00d6\u011frencisi: 100 TL<\/p>\n<h3><strong>Kat\u0131l\u0131m \u00dccretinin Yat\u0131r\u0131laca\u011f\u0131 Hesap Bilgileri<\/strong><\/h3>\n<p>Hesap Ad\u0131: TESAM EKONOM\u0130K S\u0130YASAL<\/p>\n<p>Banka: HALKBANK<\/p>\n<p>\u015eube: K\u00fc\u00e7\u00fck Sanayi \u015eubesi<\/p>\n<p>Hesap No: 16000143<\/p>\n<p>\u0130BAN: TR96 0001 2009 2980 0016 0001 43<\/p>\n<h3><strong>En \u0130yi Ara\u015ft\u0131rma \u00d6d\u00fclleri<\/strong><\/h3>\n<p>Birincilik \u00d6d\u00fcl\u00fc&nbsp;&nbsp;&nbsp;&nbsp;&nbsp;&nbsp;&nbsp; : 1 Adet Lenovo Ideapad S145<\/p>\n<p>\u0130kincilik \u00d6d\u00fcl\u00fc&nbsp;&nbsp;&nbsp;&nbsp;&nbsp;&nbsp;&nbsp;&nbsp; : 1 Adet Samsung SMT510NZKDTUR Siyah Galaxy TAB<\/p>\n<p>\u00dc\u00e7\u00fcnc\u00fcl\u00fck \u00d6d\u00fcl\u00fc&nbsp;&nbsp;&nbsp; : 1 Adet Amazon Kindle Paperwhite 4GB<\/p>\n<p>Tam metinler aras\u0131ndan kongre bilim kurulu taraf\u0131ndan se\u00e7ilecek en iyi \u00fc\u00e7 bildiriye ba\u015far\u0131 \u00f6d\u00fcl\u00fc verilecektir.<\/p>\n<h3><strong>Ula\u015f\u0131m ve Konaklama<\/strong><\/h3>\n<p>Ula\u015f\u0131m ve konaklama \u00fccretleri kat\u0131l\u0131mc\u0131lara ait olup, anla\u015fmal\u0131 otellerde indirimli konaklama yap\u0131labilmektedir. Detayl\u0131 bilgi i\u00e7in <a href=\"https:\/\/tesam.org.tr\/en\/\">www.tesam.org.tr<\/a> adresinden anla\u015fmal\u0131 otellere ula\u015f\u0131labilir.<\/p>\n<h3><strong>Sempozyum Dilleri<\/strong><\/h3>\n<p>Kongre dili T\u00fcrk\u00e7e ve \u0130ngilizce\u2019dir. Bildiriler bu dillerden birisi ile sunulabilir.<\/p>\n<h3><strong>Bildiri Sunma Hakk\u0131<\/strong><\/h3>\n<p>Kongreye g\u00f6nderilen \u00e7al\u0131\u015fmalar\u0131n daha \u00f6nce hi\u00e7bir yerde sunulmam\u0131\u015f veya yay\u0131mlanmam\u0131\u015f olup, \u00f6zg\u00fcn \u00e7al\u0131\u015fmalar olmas\u0131 gerekmektedir. Her kat\u0131l\u0131mc\u0131 ancak bir bildiri ile kongreye kat\u0131l\u0131m sa\u011flayabilir. Bildiri \u00f6nerileri Kongre konular\u0131na, bilimsel \u015fartlara uygunluk ve \u00e7al\u0131\u015fman\u0131n \u00f6zg\u00fcnl\u00fc\u011f\u00fc dikkate al\u0131narak D\u00fczenleme ve Bilim Kurulu \u00dcyeleri\u2019nce de\u011ferlendirilecektir. Kurul \u00fcyelerinin yapaca\u011f\u0131 de\u011ferlendirmeler kabul \/ ret bi\u00e7iminde olacakt\u0131r.<\/p>\n<h2><strong>YAYIN \u0130MKANLARI<\/strong><\/h2>\n<h3><strong>\u00d6zetler Kitab\u0131<\/strong><\/h3>\n<p>\u00d6zetler Kitab\u0131 online veya matbu olarak bas\u0131lacakt\u0131r.<\/p>\n<p>31 Ekim 2019 tarihinde yay\u0131nlanacakt\u0131r.<\/p>\n<h3><strong>Bildiriler Kitab\u0131<\/strong><\/h3>\n<p>27 Ekim 2019 tarihine kadar g\u00f6nderilen tam metin bildiriler, Bildiriler Kitab\u0131\u2019nda yer alacakt\u0131r.<\/p>\n<p>Bildiriler Kitab\u0131 online veya matbu olarak bas\u0131lacakt\u0131r.<\/p>\n<p>16 Aral\u0131k 2019 tarihinde yay\u0131nlanacakt\u0131r.<\/p>\n<p>Bir bildiri ayn\u0131 anda yaln\u0131zca bir yay\u0131nda yer alabilir.<\/p>\n<h3><strong>Ulusal Edit\u00f6rl\u00fc B\u00f6l\u00fcm Yazarl\u0131 Kitap<\/strong><\/h3>\n<p>Her kat\u0131l\u0131mc\u0131 iste\u011fe ba\u011fl\u0131 olarak Ulusal Edit\u00f6rl\u00fc Kitap\u2019ta yay\u0131n talebinde bulunabilir.<\/p>\n<p>Editoryal ve hakem s\u00fcre\u00e7lerinden ge\u00e7tikten ve yay\u0131nevinin maddi ve di\u011fer ko\u015fullar\u0131n\u0131 sa\u011flad\u0131ktan sonra bildiriler yay\u0131nlan\u0131r.<\/p>\n<p>Ulusal Edit\u00f6rl\u00fc B\u00f6l\u00fcm Yazarl\u0131 Kitap\u2019ta yay\u0131n talebinde bulunan her kat\u0131l\u0131mc\u0131dan belli bir miktar yay\u0131n \u00fccreti talep edilecektir.<\/p>\n<p>Bir bildiri ayn\u0131 anda yaln\u0131zca bir yay\u0131nda yer alabilir.<\/p>\n<h3><strong>Uluslararas\u0131 Edit\u00f6rl\u00fc B\u00f6l\u00fcm Yazarl\u0131 Kitap<\/strong><\/h3>\n<p>Her kat\u0131l\u0131mc\u0131 iste\u011fe ba\u011fl\u0131 olarak Uluslararas\u0131 Edit\u00f6rl\u00fc Kitap\u2019ta yay\u0131n talebinde bulunabilir.<\/p>\n<p>Editoryal ve hakem s\u00fcre\u00e7lerinden ge\u00e7tikten ve yay\u0131nevinin maddi ve di\u011fer ko\u015fullar\u0131n\u0131 sa\u011flad\u0131ktan sonra bildiriler yay\u0131nlan\u0131r.<\/p>\n<p>Uluslararas\u0131 Edit\u00f6rl\u00fc B\u00f6l\u00fcm Yazarl\u0131 Kitap\u2019ta yay\u0131n talebinde bulunan her kat\u0131l\u0131mc\u0131dan belli bir miktar yay\u0131n \u00fccreti talep edilecektir.<\/p>\n<p>Bir bildiri ayn\u0131 anda yaln\u0131zca bir yay\u0131nda yer alabilir.<\/p>\n<h3><strong>Dergilerde Yay\u0131n<\/strong><\/h3>\n<p>E\u011fitim durumu en az doktora e\u011fitimi ba\u015flang\u0131\u00e7 seviyesinde olan her kat\u0131l\u0131mc\u0131 iste\u011fe ba\u011fl\u0131 olarak bildirisini, dergilerin editoryal ve hakem s\u00fcre\u00e7lerinden ge\u00e7tikten sonra TESAM Akademi Hakemli Dergisi\u2019nde yay\u0131nlatabilir. Kabul ve onay s\u00fcreci dergilerin yay\u0131n kurullar\u0131na aittir.<\/p>","protected":false},"excerpt":{"rendered":"<p>GEN\u00c7 TESAM &nbsp;SOSYAL B\u0130L\u0130MLER ULUSLARARASI \u00d6\u011eRENC\u0130 KONGRES\u0130 6 \u2013 7 Kas\u0131m 2019 Kongre \u00c7a\u011fr\u0131s\u0131 \u201cGEN\u00c7 TESAM SOSYAL B\u0130L\u0130MLER ULUSLARARASI \u00d6\u011eRENC\u0130 KONGRES\u0130\u201d 6-7 Kas\u0131m 2019 tarihlerinde TESAM, Bursa Uluda\u011f \u00dcniversitesi ve Bursa Teknik \u00dcniversitesi ortakl\u0131\u011f\u0131yla Uluda\u011f \u00dcniversitesi Mete Cengiz Kongre Merkezi\u2019nde ger\u00e7ekle\u015ftirilecektir. Sosyal Bilimler alan\u0131nda \u00e7al\u0131\u015fan ara\u015ft\u0131rma g\u00f6revlileri, doktora \u00f6\u011frencileri, y\u00fcksek lisans \u00f6\u011frencileri, lisans \u00f6\u011frencileri ve &#8230;<\/p>","protected":false},"author":1,"featured_media":0,"parent":0,"menu_order":0,"comment_status":"closed","ping_status":"closed","template":"","meta":{"ngg_post_thumbnail":0},"_links":{"self":[{"href":"https:\/\/tesam.org.tr\/en\/wp-json\/wp\/v2\/pages\/2683"}],"collection":[{"href":"https:\/\/tesam.org.tr\/en\/wp-json\/wp\/v2\/pages"}],"about":[{"href":"https:\/\/tesam.org.tr\/en\/wp-json\/wp\/v2\/types\/page"}],"author":[{"embeddable":true,"href":"https:\/\/tesam.org.tr\/en\/wp-json\/wp\/v2\/users\/1"}],"replies":[{"embeddable":true,"href":"https:\/\/tesam.org.tr\/en\/wp-json\/wp\/v2\/comments?post=2683"}],"version-history":[{"count":17,"href":"https:\/\/tesam.org.tr\/en\/wp-json\/wp\/v2\/pages\/2683\/revisions"}],"predecessor-version":[{"id":2738,"href":"https:\/\/tesam.org.tr\/en\/wp-json\/wp\/v2\/pages\/2683\/revisions\/2738"}],"wp:attachment":[{"href":"https:\/\/tesam.org.tr\/en\/wp-json\/wp\/v2\/media?parent=2683"}],"curies":[{"name":"wp","href":"https:\/\/api.w.org\/{rel}","templated":true}]}}